{"id":1336,"date":"2020-06-19T11:27:39","date_gmt":"2020-06-19T09:27:39","guid":{"rendered":"http:\/\/ecf-formations.fr\/?page_id=1336"},"modified":"2021-06-30T16:08:12","modified_gmt":"2021-06-30T14:08:12","slug":"juridique","status":"publish","type":"page","link":"https:\/\/ecf-formations.fr\/index.php\/accueil\/formations\/juridique\/","title":{"rendered":"JURIDIQUE"},"content":{"rendered":"\t\t<div data-elementor-type=\"wp-page\" data-elementor-id=\"1336\" class=\"elementor elementor-1336\" data-elementor-post-type=\"page\">\n\t\t\t\t\t\t<section class=\"elementor-section elementor-top-section elementor-element elementor-element-41f1ce77 elementor-section-boxed elementor-section-height-default elementor-section-height-default\" data-id=\"41f1ce77\" data-element_type=\"section\" data-e-type=\"section\" data-settings=\"{&quot;background_background&quot;:&quot;classic&quot;}\">\n\t\t\t\t\t\t<div class=\"elementor-container elementor-column-gap-default\">\n\t\t\t\t\t<div class=\"elementor-column elementor-col-100 elementor-top-column elementor-element elementor-element-281a86f3\" data-id=\"281a86f3\" data-element_type=\"column\" data-e-type=\"column\" data-settings=\"{&quot;background_background&quot;:&quot;classic&quot;}\">\n\t\t\t<div class=\"elementor-widget-wrap elementor-element-populated\">\n\t\t\t\t\t\t<div class=\"elementor-element elementor-element-999612d elementor-widget-divider--view-line elementor-widget elementor-widget-divider\" data-id=\"999612d\" data-element_type=\"widget\" data-e-type=\"widget\" data-widget_type=\"divider.default\">\n\t\t\t\t<div class=\"elementor-widget-container\">\n\t\t\t\t\t\t\t<div class=\"elementor-divider\">\n\t\t\t<span class=\"elementor-divider-separator\">\n\t\t\t\t\t\t<\/span>\n\t\t<\/div>\n\t\t\t\t\t\t<\/div>\n\t\t\t\t<\/div>\n\t\t\t\t<div class=\"elementor-element elementor-element-49d25ec1 elementor-widget elementor-widget-text-editor\" data-id=\"49d25ec1\" data-element_type=\"widget\" data-e-type=\"widget\" data-widget_type=\"text-editor.default\">\n\t\t\t\t<div class=\"elementor-widget-container\">\n\t\t\t\t\t\t\t\t\t<p>Liste des formations<\/p>\t\t\t\t\t\t\t\t<\/div>\n\t\t\t\t<\/div>\n\t\t\t\t\t<\/div>\n\t\t<\/div>\n\t\t\t\t\t<\/div>\n\t\t<\/section>\n\t\t\t\t<section class=\"elementor-section elementor-top-section elementor-element elementor-element-570a3f3a elementor-section-full_width elementor-section-height-default elementor-section-height-default\" data-id=\"570a3f3a\" data-element_type=\"section\" data-e-type=\"section\">\n\t\t\t\t\t\t<div class=\"elementor-container elementor-column-gap-default\">\n\t\t\t\t\t<div class=\"elementor-column elementor-col-100 elementor-top-column elementor-element elementor-element-d97458e\" data-id=\"d97458e\" data-element_type=\"column\" data-e-type=\"column\">\n\t\t\t<div class=\"elementor-widget-wrap elementor-element-populated\">\n\t\t\t\t\t\t<div class=\"elementor-element elementor-element-6bd98fac elementor-grid-4 elementor-posts--thumbnail-none elementor-grid-tablet-2 elementor-grid-mobile-1 elementor-card-shadow-yes elementor-posts__hover-gradient elementor-widget elementor-widget-posts\" data-id=\"6bd98fac\" data-element_type=\"widget\" data-e-type=\"widget\" data-settings=\"{&quot;cards_columns&quot;:&quot;4&quot;,&quot;cards_columns_tablet&quot;:&quot;2&quot;,&quot;cards_columns_mobile&quot;:&quot;1&quot;,&quot;cards_row_gap&quot;:{&quot;unit&quot;:&quot;px&quot;,&quot;size&quot;:35,&quot;sizes&quot;:[]},&quot;cards_row_gap_tablet&quot;:{&quot;unit&quot;:&quot;px&quot;,&quot;size&quot;:&quot;&quot;,&quot;sizes&quot;:[]},&quot;cards_row_gap_mobile&quot;:{&quot;unit&quot;:&quot;px&quot;,&quot;size&quot;:&quot;&quot;,&quot;sizes&quot;:[]}}\" data-widget_type=\"posts.cards\">\n\t\t\t\t<div class=\"elementor-widget-container\">\n\t\t\t\t\t\t\t<div class=\"elementor-posts-container elementor-posts elementor-posts--skin-cards elementor-grid\" role=\"list\">\n\t\t\t\t<article class=\"elementor-post elementor-grid-item post-34456 product type-product status-publish has-post-thumbnail product_cat-juridique product_cat-webinaire product_tag-juridique product_tag-webinairejuridique first instock sold-individually shipping-taxable purchasable product-type-variable\" role=\"listitem\">\n\t\t\t<div class=\"elementor-post__card\">\n\t\t\t\t<div class=\"elementor-post__text\">\n\t\t\t\t<h3 class=\"elementor-post__title\">\n\t\t\t<a href=\"https:\/\/ecf-formations.fr\/index.php\/produit\/p-e-r-individuel-ou-assurance-vie-quelle-strategie-2\/\" >\n\t\t\t\tP.E.R INDIVIDUEL OU ASSURANCE VIE, QUELLE STRATEGIE ?\t\t\t<\/a>\n\t\t<\/h3>\n\t\t\t\t<div class=\"elementor-post__excerpt\">\n\t\t\t<p>Je m&rsquo;inscris Dur\u00e9e de la formation 03H00 Formation \u00e9galement disponible en intra. Nous contacter : 01 47 42 55 74<\/p>\n\t\t<\/div>\n\t\t\n\t\t<a class=\"elementor-post__read-more\" href=\"https:\/\/ecf-formations.fr\/index.php\/produit\/p-e-r-individuel-ou-assurance-vie-quelle-strategie-2\/\" aria-label=\"En savoir plus sur P.E.R INDIVIDUEL OU ASSURANCE VIE, QUELLE STRATEGIE ?\" tabindex=\"-1\" >\n\t\t\tEN SAVOIR PLUS  \u00bb\t\t<\/a>\n\n\t\t\t\t<\/div>\n\t\t\t\t\t<\/div>\n\t\t<\/article>\n\t\t\t\t<article class=\"elementor-post elementor-grid-item post-30299 product type-product status-publish has-post-thumbnail product_cat-juridique product_cat-webinaire product_tag-juridique product_tag-webinaire product_tag-webinairejuridique  instock sold-individually shipping-taxable purchasable product-type-variable\" role=\"listitem\">\n\t\t\t<div class=\"elementor-post__card\">\n\t\t\t\t<div class=\"elementor-post__text\">\n\t\t\t\t<h3 class=\"elementor-post__title\">\n\t\t\t<a href=\"https:\/\/ecf-formations.fr\/index.php\/produit\/comment-calculer-sa-future-retraite-quelles-strategies-apres-la-reforme\/\" >\n\t\t\t\tComment calculer sa future retraite : Quelles strat\u00e9gies apr\u00e8s la r\u00e9forme\t\t\t<\/a>\n\t\t<\/h3>\n\t\t\t\t<div class=\"elementor-post__excerpt\">\n\t\t\t<p>Je m&rsquo;inscris Dur\u00e9e de la formation 03h00 Formation \u00e9galement disponible en intra. Nous contacter : 01 47 42 55 74<\/p>\n\t\t<\/div>\n\t\t\n\t\t<a class=\"elementor-post__read-more\" href=\"https:\/\/ecf-formations.fr\/index.php\/produit\/comment-calculer-sa-future-retraite-quelles-strategies-apres-la-reforme\/\" aria-label=\"En savoir plus sur Comment calculer sa future retraite : Quelles strat\u00e9gies apr\u00e8s la r\u00e9forme\" tabindex=\"-1\" >\n\t\t\tEN SAVOIR PLUS  \u00bb\t\t<\/a>\n\n\t\t\t\t<\/div>\n\t\t\t\t\t<\/div>\n\t\t<\/article>\n\t\t\t\t<article class=\"elementor-post elementor-grid-item post-24707 product type-product status-publish has-post-thumbnail product_cat-juridique product_cat-webinaire product_tag-juridique product_tag-webinairejuridique  instock sold-individually shipping-taxable purchasable product-type-variable\" role=\"listitem\">\n\t\t\t<div class=\"elementor-post__card\">\n\t\t\t\t<div class=\"elementor-post__text\">\n\t\t\t\t<h3 class=\"elementor-post__title\">\n\t\t\t<a href=\"https:\/\/ecf-formations.fr\/index.php\/produit\/retraite-quels-enjeux-pour-quelles-strategies\/\" >\n\t\t\t\tRETRAITE : QUELS ENJEUX, POUR QUELLES STRATEGIES ?\t\t\t<\/a>\n\t\t<\/h3>\n\t\t\t\t<div class=\"elementor-post__excerpt\">\n\t\t\t<p>Je m&rsquo;inscris Dur\u00e9e de la formation 03H00 Formation \u00e9galement disponible en intra. Nous contacter : 01 47 42 55 74<\/p>\n\t\t<\/div>\n\t\t\n\t\t<a class=\"elementor-post__read-more\" href=\"https:\/\/ecf-formations.fr\/index.php\/produit\/retraite-quels-enjeux-pour-quelles-strategies\/\" aria-label=\"En savoir plus sur RETRAITE : QUELS ENJEUX, POUR QUELLES STRATEGIES ?\" tabindex=\"-1\" >\n\t\t\tEN SAVOIR PLUS  \u00bb\t\t<\/a>\n\n\t\t\t\t<\/div>\n\t\t\t\t\t<\/div>\n\t\t<\/article>\n\t\t\t\t<article class=\"elementor-post elementor-grid-item post-23665 product type-product status-publish has-post-thumbnail product_cat-droit-social-paie product_cat-juridique product_cat-social product_cat-webinaire product_tag-droit-social-paie product_tag-juridique product_tag-social product_tag-webinaire-droit-social-paie product_tag-webinairejuridique product_tag-webinairesocial  instock sold-individually shipping-taxable purchasable product-type-variable\" role=\"listitem\">\n\t\t\t<div class=\"elementor-post__card\">\n\t\t\t\t<div class=\"elementor-post__text\">\n\t\t\t\t<h3 class=\"elementor-post__title\">\n\t\t\t<a href=\"https:\/\/ecf-formations.fr\/index.php\/produit\/prevoyance-et-sante-des-salaries-de-la-gestion-des-risques-au-developpement-de-nouvelles-opportunites\/\" >\n\t\t\t\tPREVOYANCE ET SANTE DES SALARIES : BASES ET ACTUALITES\t\t\t<\/a>\n\t\t<\/h3>\n\t\t\t\t<div class=\"elementor-post__excerpt\">\n\t\t\t<p>Je m&rsquo;inscris Dur\u00e9e de la formation 04h00 Formation \u00e9galement disponible en intra. Nous contacter : 01 47 42 55 74<\/p>\n\t\t<\/div>\n\t\t\n\t\t<a class=\"elementor-post__read-more\" href=\"https:\/\/ecf-formations.fr\/index.php\/produit\/prevoyance-et-sante-des-salaries-de-la-gestion-des-risques-au-developpement-de-nouvelles-opportunites\/\" aria-label=\"En savoir plus sur PREVOYANCE ET SANTE DES SALARIES : BASES ET ACTUALITES\" tabindex=\"-1\" >\n\t\t\tEN SAVOIR PLUS  \u00bb\t\t<\/a>\n\n\t\t\t\t<\/div>\n\t\t\t\t\t<\/div>\n\t\t<\/article>\n\t\t\t\t<article class=\"elementor-post elementor-grid-item post-21098 product type-product status-publish has-post-thumbnail product_cat-juridique product_tag-juridique  instock sold-individually shipping-taxable purchasable product-type-variable\" role=\"listitem\">\n\t\t\t<div class=\"elementor-post__card\">\n\t\t\t\t<div class=\"elementor-post__text\">\n\t\t\t\t<h3 class=\"elementor-post__title\">\n\t\t\t<a href=\"https:\/\/ecf-formations.fr\/index.php\/produit\/comment-calculer-sa-future-retraite-enjeux-et-strategies-apres-la-reforme\/\" >\n\t\t\t\tComment calculer sa future retraite : enjeux et strat\u00e9gies apr\u00e8s la r\u00e9forme\t\t\t<\/a>\n\t\t<\/h3>\n\t\t\t\t<div class=\"elementor-post__excerpt\">\n\t\t\t<p>INFORMATIONS 09h30-17h30 7 heures Lieu : Paris 51 rue d&rsquo;Amsterdam 75008 \u00a0 20 Participants Pour qui ?\u00a0 Experts-comptables Assistants juridiques<\/p>\n\t\t<\/div>\n\t\t\n\t\t<a class=\"elementor-post__read-more\" href=\"https:\/\/ecf-formations.fr\/index.php\/produit\/comment-calculer-sa-future-retraite-enjeux-et-strategies-apres-la-reforme\/\" aria-label=\"En savoir plus sur Comment calculer sa future retraite : enjeux et strat\u00e9gies apr\u00e8s la r\u00e9forme\" tabindex=\"-1\" >\n\t\t\tEN SAVOIR PLUS  \u00bb\t\t<\/a>\n\n\t\t\t\t<\/div>\n\t\t\t\t\t<\/div>\n\t\t<\/article>\n\t\t\t\t<article class=\"elementor-post elementor-grid-item post-15014 product type-product status-publish has-post-thumbnail product_cat-juridique product_tag-juridique  outofstock sold-individually shipping-taxable purchasable product-type-variable\" role=\"listitem\">\n\t\t\t<div class=\"elementor-post__card\">\n\t\t\t\t<div class=\"elementor-post__text\">\n\t\t\t\t<h3 class=\"elementor-post__title\">\n\t\t\t<a href=\"https:\/\/ecf-formations.fr\/index.php\/produit\/droit-des-societes-ce-que-doivent-connaitre-les-collaborateurs-comptables\/\" >\n\t\t\t\tDROIT DES SOCIETES : CE QUE DOIVENT CONNAITRE LES COLLABORATEURS COMPTABLES\t\t\t<\/a>\n\t\t<\/h3>\n\t\t\t\t<div class=\"elementor-post__excerpt\">\n\t\t\t<p>Je m&rsquo;inscris Dur\u00e9e de la formation 07h00 Formation \u00e9galement disponible en intra. Nous contacter : 01 47 42 55 74<\/p>\n\t\t<\/div>\n\t\t\n\t\t<a class=\"elementor-post__read-more\" href=\"https:\/\/ecf-formations.fr\/index.php\/produit\/droit-des-societes-ce-que-doivent-connaitre-les-collaborateurs-comptables\/\" aria-label=\"En savoir plus sur DROIT DES SOCIETES : CE QUE DOIVENT CONNAITRE LES COLLABORATEURS COMPTABLES\" tabindex=\"-1\" >\n\t\t\tEN SAVOIR PLUS  \u00bb\t\t<\/a>\n\n\t\t\t\t<\/div>\n\t\t\t\t\t<\/div>\n\t\t<\/article>\n\t\t\t\t<article class=\"elementor-post elementor-grid-item post-8557 product type-product status-publish has-post-thumbnail product_cat-juridique product_cat-webinaire product_tag-juridique product_tag-webinaire product_tag-webinairejuridique  instock sold-individually shipping-taxable purchasable product-type-variable\" role=\"listitem\">\n\t\t\t<div class=\"elementor-post__card\">\n\t\t\t\t<div class=\"elementor-post__text\">\n\t\t\t\t<h3 class=\"elementor-post__title\">\n\t\t\t<a href=\"https:\/\/ecf-formations.fr\/index.php\/produit\/conventions-reglementees-a-usage-des-juristes\/\" >\n\t\t\t\tCONVENTIONS REGLEMENTEES A USAGE DES JURISTES\t\t\t<\/a>\n\t\t<\/h3>\n\t\t\t\t<div class=\"elementor-post__excerpt\">\n\t\t\t<p>Je m&rsquo;inscris Dur\u00e9e de la formation 3h00 Formation \u00e9galement disponible en intra. Nous contacter au 01 47 42 55 74<\/p>\n\t\t<\/div>\n\t\t\n\t\t<a class=\"elementor-post__read-more\" href=\"https:\/\/ecf-formations.fr\/index.php\/produit\/conventions-reglementees-a-usage-des-juristes\/\" aria-label=\"En savoir plus sur CONVENTIONS REGLEMENTEES A USAGE DES JURISTES\" tabindex=\"-1\" >\n\t\t\tEN SAVOIR PLUS  \u00bb\t\t<\/a>\n\n\t\t\t\t<\/div>\n\t\t\t\t\t<\/div>\n\t\t<\/article>\n\t\t\t\t<\/div>\n\t\t\n\t\t\t\t\t\t<\/div>\n\t\t\t\t<\/div>\n\t\t\t\t\t<\/div>\n\t\t<\/div>\n\t\t\t\t\t<\/div>\n\t\t<\/section>\n\t\t\t\t<section class=\"elementor-section elementor-top-section elementor-element elementor-element-7fe16e8a elementor-section-boxed elementor-section-height-default elementor-section-height-default\" data-id=\"7fe16e8a\" data-element_type=\"section\" data-e-type=\"section\" data-settings=\"{&quot;background_background&quot;:&quot;classic&quot;}\">\n\t\t\t\t\t\t<div class=\"elementor-container elementor-column-gap-default\">\n\t\t\t\t\t<div class=\"elementor-column elementor-col-25 elementor-top-column elementor-element elementor-element-62b05b78\" data-id=\"62b05b78\" data-element_type=\"column\" data-e-type=\"column\">\n\t\t\t<div class=\"elementor-widget-wrap elementor-element-populated\">\n\t\t\t\t\t\t<div class=\"elementor-element elementor-element-71bfffc9 elementor-widget elementor-widget-image\" data-id=\"71bfffc9\" data-element_type=\"widget\" data-e-type=\"widget\" data-widget_type=\"image.default\">\n\t\t\t\t<div class=\"elementor-widget-container\">\n\t\t\t\t\t\t\t\t\t\t\t\t\t\t\t<img decoding=\"async\" src=\"https:\/\/ecf-formations.fr\/wp-content\/uploads\/2020\/05\/logo-formations_blanc-2.png\" title=\"logo-formations_blanc-2\" alt=\"logo-formations_blanc-2\" loading=\"lazy\" \/>\t\t\t\t\t\t\t\t\t\t\t\t\t\t\t<\/div>\n\t\t\t\t<\/div>\n\t\t\t\t<div class=\"elementor-element elementor-element-5ee2c361 elementor-tablet-align-start elementor-hidden-tablet elementor-icon-list--layout-traditional elementor-list-item-link-full_width elementor-widget elementor-widget-icon-list\" data-id=\"5ee2c361\" data-element_type=\"widget\" data-e-type=\"widget\" data-widget_type=\"icon-list.default\">\n\t\t\t\t<div class=\"elementor-widget-container\">\n\t\t\t\t\t\t\t<ul class=\"elementor-icon-list-items\">\n\t\t\t\t\t\t\t<li class=\"elementor-icon-list-item\">\n\t\t\t\t\t\t\t\t\t\t\t<span class=\"elementor-icon-list-icon\">\n\t\t\t\t\t\t\t<i aria-hidden=\"true\" class=\"fas fa-phone\"><\/i>\t\t\t\t\t\t<\/span>\n\t\t\t\t\t\t\t\t\t\t<span class=\"elementor-icon-list-text\">01 47 42 55 74<\/span>\n\t\t\t\t\t\t\t\t\t<\/li>\n\t\t\t\t\t\t\t\t<li class=\"elementor-icon-list-item\">\n\t\t\t\t\t\t\t\t\t\t\t<span class=\"elementor-icon-list-icon\">\n\t\t\t\t\t\t\t<i aria-hidden=\"true\" class=\"fas fa-envelope\"><\/i>\t\t\t\t\t\t<\/span>\n\t\t\t\t\t\t\t\t\t\t<span class=\"elementor-icon-list-text\"> formations@e-c-f.fr<\/span>\n\t\t\t\t\t\t\t\t\t<\/li>\n\t\t\t\t\t\t\t\t<li class=\"elementor-icon-list-item\">\n\t\t\t\t\t\t\t\t\t\t\t<span class=\"elementor-icon-list-icon\">\n\t\t\t\t\t\t\t<i aria-hidden=\"true\" class=\"fas fa-map-marker-alt\"><\/i>\t\t\t\t\t\t<\/span>\n\t\t\t\t\t\t\t\t\t\t<span class=\"elementor-icon-list-text\">51, rue d'Amsterdam - Paris 75008<\/span>\n\t\t\t\t\t\t\t\t\t<\/li>\n\t\t\t\t\t\t<\/ul>\n\t\t\t\t\t\t<\/div>\n\t\t\t\t<\/div>\n\t\t\t\t\t<\/div>\n\t\t<\/div>\n\t\t\t\t<div class=\"elementor-column elementor-col-25 elementor-top-column elementor-element elementor-element-6d43b9c7\" data-id=\"6d43b9c7\" data-element_type=\"column\" data-e-type=\"column\">\n\t\t\t<div class=\"elementor-widget-wrap elementor-element-populated\">\n\t\t\t\t\t\t<div class=\"elementor-element elementor-element-56bbbbb6 elementor-widget elementor-widget-heading\" data-id=\"56bbbbb6\" data-element_type=\"widget\" data-e-type=\"widget\" data-widget_type=\"heading.default\">\n\t\t\t\t<div class=\"elementor-widget-container\">\n\t\t\t\t\t<h4 class=\"elementor-heading-title elementor-size-default\">FORMATIONS<\/h4>\t\t\t\t<\/div>\n\t\t\t\t<\/div>\n\t\t\t\t<div class=\"elementor-element elementor-element-3dc4d882 elementor-icon-list--layout-traditional elementor-list-item-link-full_width elementor-widget elementor-widget-icon-list\" data-id=\"3dc4d882\" data-element_type=\"widget\" data-e-type=\"widget\" data-widget_type=\"icon-list.default\">\n\t\t\t\t<div class=\"elementor-widget-container\">\n\t\t\t\t\t\t\t<ul class=\"elementor-icon-list-items\">\n\t\t\t\t\t\t\t<li class=\"elementor-icon-list-item\">\n\t\t\t\t\t\t\t\t\t\t\t<a href=\"http:\/\/ecf-formations.fr\/index.php\/accueil\/formations\/toutes-les-formations\/\">\n\n\t\t\t\t\t\t\t\t\t\t\t<span class=\"elementor-icon-list-text\">Toutes les formations<\/span>\n\t\t\t\t\t\t\t\t\t\t\t<\/a>\n\t\t\t\t\t\t\t\t\t<\/li>\n\t\t\t\t\t\t<\/ul>\n\t\t\t\t\t\t<\/div>\n\t\t\t\t<\/div>\n\t\t\t\t\t<\/div>\n\t\t<\/div>\n\t\t\t\t<div class=\"elementor-column elementor-col-25 elementor-top-column elementor-element elementor-element-170efbd5\" data-id=\"170efbd5\" data-element_type=\"column\" data-e-type=\"column\">\n\t\t\t<div class=\"elementor-widget-wrap elementor-element-populated\">\n\t\t\t\t\t\t<div class=\"elementor-element elementor-element-79d919b9 elementor-widget elementor-widget-heading\" data-id=\"79d919b9\" data-element_type=\"widget\" data-e-type=\"widget\" data-widget_type=\"heading.default\">\n\t\t\t\t<div class=\"elementor-widget-container\">\n\t\t\t\t\t<h4 class=\"elementor-heading-title elementor-size-default\">TARIFICATIONS<\/h4>\t\t\t\t<\/div>\n\t\t\t\t<\/div>\n\t\t\t\t<div class=\"elementor-element elementor-element-47d61281 elementor-icon-list--layout-traditional elementor-list-item-link-full_width elementor-widget elementor-widget-icon-list\" data-id=\"47d61281\" data-element_type=\"widget\" data-e-type=\"widget\" data-widget_type=\"icon-list.default\">\n\t\t\t\t<div class=\"elementor-widget-container\">\n\t\t\t\t\t\t\t<ul class=\"elementor-icon-list-items\">\n\t\t\t\t\t\t\t<li class=\"elementor-icon-list-item\">\n\t\t\t\t\t\t\t\t\t\t\t<a href=\"http:\/\/ecf-formations.fr\/index.php\/accueil\/adhesion\/\">\n\n\t\t\t\t\t\t\t\t\t\t\t<span class=\"elementor-icon-list-text\">Adh\u00e9sions<\/span>\n\t\t\t\t\t\t\t\t\t\t\t<\/a>\n\t\t\t\t\t\t\t\t\t<\/li>\n\t\t\t\t\t\t<\/ul>\n\t\t\t\t\t\t<\/div>\n\t\t\t\t<\/div>\n\t\t\t\t\t<\/div>\n\t\t<\/div>\n\t\t\t\t<div class=\"elementor-column elementor-col-25 elementor-top-column elementor-element elementor-element-6a45d9e6\" data-id=\"6a45d9e6\" data-element_type=\"column\" data-e-type=\"column\">\n\t\t\t<div class=\"elementor-widget-wrap elementor-element-populated\">\n\t\t\t\t\t\t<div class=\"elementor-element elementor-element-6dca70c7 elementor-widget elementor-widget-heading\" data-id=\"6dca70c7\" data-element_type=\"widget\" data-e-type=\"widget\" data-widget_type=\"heading.default\">\n\t\t\t\t<div class=\"elementor-widget-container\">\n\t\t\t\t\t<h4 class=\"elementor-heading-title elementor-size-default\"><a href=\"http:\/\/ecf-formations.fr\/index.php\/mentions-legales\/\">MENTIONS L\u00e9GALES<\/a><\/h4>\t\t\t\t<\/div>\n\t\t\t\t<\/div>\n\t\t\t\t<div class=\"elementor-element elementor-element-33171264 elementor-widget elementor-widget-heading\" data-id=\"33171264\" data-element_type=\"widget\" data-e-type=\"widget\" data-widget_type=\"heading.default\">\n\t\t\t\t<div class=\"elementor-widget-container\">\n\t\t\t\t\t<h4 class=\"elementor-heading-title elementor-size-default\"><a href=\"http:\/\/ecf-formations.fr\/index.php\/conditions-generales-de-vente-ecf-formations\/\">cgv<\/a><\/h4>\t\t\t\t<\/div>\n\t\t\t\t<\/div>\n\t\t\t\t<div class=\"elementor-element elementor-element-6c9cdd35 elementor-widget elementor-widget-heading\" data-id=\"6c9cdd35\" data-element_type=\"widget\" data-e-type=\"widget\" data-widget_type=\"heading.default\">\n\t\t\t\t<div class=\"elementor-widget-container\">\n\t\t\t\t\t<h4 class=\"elementor-heading-title elementor-size-default\"><a href=\"http:\/\/ecf-formations.fr\/index.php\/reglement-interieur\/\">R\u00e8glement int\u00e9rieur<\/a><\/h4>\t\t\t\t<\/div>\n\t\t\t\t<\/div>\n\t\t\t\t<div class=\"elementor-element elementor-element-39d9b6d8 elementor-widget elementor-widget-heading\" data-id=\"39d9b6d8\" data-element_type=\"widget\" data-e-type=\"widget\" data-widget_type=\"heading.default\">\n\t\t\t\t<div class=\"elementor-widget-container\">\n\t\t\t\t\t<h4 class=\"elementor-heading-title elementor-size-default\"><a href=\"http:\/\/ecf-formations.fr\/wp-content\/uploads\/2021\/06\/Registre-Accessibilite-ECF-Formations-2021.pdf\">Registre d'ACCESSIBILIT\u00c9<\/a><\/h4>\t\t\t\t<\/div>\n\t\t\t\t<\/div>\n\t\t\t\t\t<\/div>\n\t\t<\/div>\n\t\t\t\t\t<\/div>\n\t\t<\/section>\n\t\t\t\t<\/div>\n\t\t","protected":false},"excerpt":{"rendered":"<p>Liste des formations 01 47 42 55 74 formations@e-c-f.fr 51, rue d&rsquo;Amsterdam &#8211; Paris 75008 FORMATIONS Toutes les formations TARIFICATIONS Adh\u00e9sions MENTIONS L\u00e9GALES cgv R\u00e8glement int\u00e9rieur Registre d&rsquo;ACCESSIBILIT\u00c9<\/p>\n","protected":false},"author":1,"featured_media":0,"parent":71,"menu_order":0,"comment_status":"closed","ping_status":"closed","template":"","meta":{"footnotes":""},"class_list":["post-1336","page","type-page","status-publish","hentry"],"_links":{"self":[{"href":"https:\/\/ecf-formations.fr\/index.php\/wp-json\/wp\/v2\/pages\/1336","targetHints":{"allow":["GET"]}}],"collection":[{"href":"https:\/\/ecf-formations.fr\/index.php\/wp-json\/wp\/v2\/pages"}],"about":[{"href":"https:\/\/ecf-formations.fr\/index.php\/wp-json\/wp\/v2\/types\/page"}],"author":[{"embeddable":true,"href":"https:\/\/ecf-formations.fr\/index.php\/wp-json\/wp\/v2\/users\/1"}],"replies":[{"embeddable":true,"href":"https:\/\/ecf-formations.fr\/index.php\/wp-json\/wp\/v2\/comments?post=1336"}],"version-history":[{"count":14,"href":"https:\/\/ecf-formations.fr\/index.php\/wp-json\/wp\/v2\/pages\/1336\/revisions"}],"predecessor-version":[{"id":9816,"href":"https:\/\/ecf-formations.fr\/index.php\/wp-json\/wp\/v2\/pages\/1336\/revisions\/9816"}],"up":[{"embeddable":true,"href":"https:\/\/ecf-formations.fr\/index.php\/wp-json\/wp\/v2\/pages\/71"}],"wp:attachment":[{"href":"https:\/\/ecf-formations.fr\/index.php\/wp-json\/wp\/v2\/media?parent=1336"}],"curies":[{"name":"wp","href":"https:\/\/api.w.org\/{rel}","templated":true}]}}